{"id":17,"date":"2018-07-19T09:25:56","date_gmt":"2018-07-19T09:25:56","guid":{"rendered":"http:\/\/www.grandcafe-kuk.de\/?page_id=17"},"modified":"2026-03-18T10:06:55","modified_gmt":"2026-03-18T10:06:55","slug":"home","status":"publish","type":"page","link":"https:\/\/www.grandcafe-kuk.de\/","title":{"rendered":"Home"},"content":{"rendered":"<p><div class=\"fusion-fullwidth fullwidth-box fusion-builder-row-1 nonhundred-percent-fullwidth non-hundred-percent-height-scrolling fusion-equal-height-columns\" style=\"--awb-background-position:left top;--awb-border-sizes-top:0px;--awb-border-sizes-bottom:0px;--awb-border-sizes-left:0px;--awb-border-sizes-right:0px;--awb-border-radius-top-left:0px;--awb-border-radius-top-right:0px;--awb-border-radius-bottom-right:0px;--awb-border-radius-bottom-left:0px;--awb-padding-top:3%;--awb-padding-bottom:40px;\" ><div class=\"fusion-builder-row fusion-row\"><div class=\"fusion-layout-column fusion_builder_column fusion-builder-column-0 fusion_builder_column_1_2 1_2 fusion-one-half fusion-column-first\" style=\"--awb-bg-size:cover;width:48%; margin-right: 4%;\"><div class=\"fusion-column-wrapper fusion-flex-column-wrapper-legacy\"><div class=\"fusion-column-content-centered\"><div class=\"fusion-column-content\"><div class=\"fusion-text fusion-text-1\"><h1 style=\"text-align: left;\">Willkommen im Grand Caf\u00e9 K&amp;K<\/h1>\n<\/div><div class=\"fusion-text fusion-text-2\"><p style=\"text-align: left;\">Seit vielen Jahren in der Darmst\u00e4dter Innenstadt beliebt, erwartet Sie das Grand Caf\u00e9 K &amp; K nach einer kompletten Umgestaltung in zeitgem\u00e4\u00dfem Ambiente.<\/p>\n<p style=\"text-align: left;\">Unsere Kuchentheke mit einer riesigen Kuchen- und Tortenauswahl macht Appetit auf S\u00fc\u00dfes nicht nur zu Kaffeespezialit\u00e4ten. Der t\u00e4glich wechselnde Mittagstisch mit saisonalen Gerichten ist auch f\u00fcr den eiligen Gast ein willkommenes Angebot.<\/p>\n<p style=\"text-align: left;\">Am Abend l\u00e4dt die Wohlf\u00fchl-Atmosph\u00e4re bei einem guten Glas Wein oder einem Cocktail zum Verweilen ein. Dazu geh\u00f6rt nat\u00fcrlich auch ein entsprechendes Angebot an Speisen.<\/p>\n<p style=\"text-align: left;\">Genie\u00dfen Sie ganzj\u00e4hrig den Aufenthalt auf unserer sch\u00f6nen \u00fcberdachten Au\u00dfenfl\u00e4che im Carree, wo Sie mit Blick auf das historische Geb\u00e4ude der ehemaligen Markthalle und Centralstation das Treiben der Passanten entspannt verfolgen k\u00f6nnen.<\/p>\n<p style=\"text-align: left;\">Unser stets aufmerksames Team freut sich auf Ihren Besuch!<\/p>\n<\/div><div class=\"fusion-sep-clear\"><\/div><div class=\"fusion-separator fusion-full-width-sep\" style=\"margin-left: auto;margin-right: auto;margin-top:3%;width:100%;\"><\/div><div class=\"fusion-sep-clear\"><\/div><ul style=\"--awb-line-height:23.8px;--awb-icon-width:23.8px;--awb-icon-height:23.8px;--awb-icon-margin:9.8px;--awb-content-margin:33.6px;--awb-circlecolor:#a0ce4e;--awb-circle-yes-font-size:12.32px;\" class=\"fusion-checklist fusion-checklist-1 fusion-checklist-default type-icons\"><\/ul><\/div><\/div><div class=\"fusion-clearfix\"><\/div><\/div><\/div><div class=\"fusion-layout-column fusion_builder_column fusion-builder-column-1 fusion_builder_column_1_2 1_2 fusion-one-half fusion-column-last\" style=\"--awb-bg-size:cover;width:48%;\"><div class=\"fusion-column-wrapper fusion-flex-column-wrapper-legacy\"><div class=\"fusion-column-content-centered\"><div class=\"fusion-column-content\"><div class=\"fusion-image-element fusion-image-align-right in-legacy-container\" style=\"text-align:right;--awb-caption-title-size:var(--h2_typography-font-size);--awb-caption-title-transform:var(--h2_typography-text-transform);--awb-caption-title-line-height:var(--h2_typography-line-height);--awb-caption-title-letter-spacing:var(--h2_typography-letter-spacing);\"><span class=\" fusion-imageframe imageframe-none imageframe-1 hover-type-zoomin\" style=\"margin-left:25px;float:right;\"><img decoding=\"async\" width=\"546\" height=\"600\" title=\"Grandcafe_KuK_blau\" src=\"http:\/\/www.grandcafe-kuk.de\/wp-content\/uploads\/2018\/07\/Grandcafe_KuK_blau.jpg\" alt class=\"img-responsive wp-image-56\" srcset=\"https:\/\/www.grandcafe-kuk.de\/wp-content\/uploads\/2018\/07\/Grandcafe_KuK_blau-200x220.jpg 200w, https:\/\/www.grandcafe-kuk.de\/wp-content\/uploads\/2018\/07\/Grandcafe_KuK_blau-400x440.jpg 400w, https:\/\/www.grandcafe-kuk.de\/wp-content\/uploads\/2018\/07\/Grandcafe_KuK_blau.jpg 546w\" sizes=\"(max-width: 800px) 100vw, 546px\" \/><\/span><\/div><\/div><\/div><div class=\"fusion-clearfix\"><\/div><\/div><\/div><\/div><\/div><div id=\"Speisekarte\" class=\"fusion-container-anchor\"><div class=\"fusion-fullwidth fullwidth-box fusion-builder-row-2 fusion-parallax-fixed nonhundred-percent-fullwidth non-hundred-percent-height-scrolling\" style=\"--awb-border-sizes-top:0px;--awb-border-sizes-bottom:0px;--awb-border-sizes-left:0px;--awb-border-sizes-right:0px;--awb-border-radius-top-left:0px;--awb-border-radius-top-right:0px;--awb-border-radius-bottom-right:0px;--awb-border-radius-bottom-left:0px;--awb-padding-top:10%;--awb-padding-bottom:20%;--awb-background-color:#f4f6f8;--awb-background-image:url(&quot;https:\/\/www.grandcafe-kuk.de\/wp-content\/uploads\/2018\/07\/Grandcafe_KuK_Kuchen.jpg&quot;);--awb-background-size:cover;background-attachment:fixed;\" ><div class=\"fusion-builder-row fusion-row\"><div class=\"fusion-layout-column fusion_builder_column fusion-builder-column-2 fusion_builder_column_1_1 1_1 fusion-one-full fusion-column-first fusion-column-last\" style=\"--awb-bg-size:cover;\"><div class=\"fusion-column-wrapper fusion-flex-column-wrapper-legacy\"><div class=\"fusion-clearfix\"><\/div><\/div><\/div><\/div><\/div><\/div><div class=\"fusion-fullwidth fullwidth-box fusion-builder-row-3 nonhundred-percent-fullwidth non-hundred-percent-height-scrolling\" style=\"--awb-border-radius-top-left:0px;--awb-border-radius-top-right:0px;--awb-border-radius-bottom-right:0px;--awb-border-radius-bottom-left:0px;--awb-padding-top:5%;--awb-padding-bottom:40px;\" ><div class=\"fusion-builder-row fusion-row\"><div class=\"fusion-layout-column fusion_builder_column fusion-builder-column-3 fusion_builder_column_1_1 1_1 fusion-one-full fusion-column-first fusion-column-last\" style=\"--awb-bg-size:cover;\"><div class=\"fusion-column-wrapper fusion-flex-column-wrapper-legacy\"><div class=\"fusion-title title fusion-title-1 fusion-title-center fusion-title-text fusion-title-size-one\" style=\"--awb-sep-color:#bf9656;\"><div class=\"title-sep-container title-sep-container-left\"><div class=\"title-sep sep-single sep-solid\" style=\"border-color:#bf9656;\"><\/div><\/div><span class=\"awb-title-spacer\"><\/span><h1 class=\"title-heading-center\" style=\"margin:0;\">Speisekarte<\/h1><span class=\"awb-title-spacer\"><\/span><div class=\"title-sep-container title-sep-container-right\"><div class=\"title-sep sep-single sep-solid\" style=\"border-color:#bf9656;\"><\/div><\/div><\/div><div class=\"fusion-clearfix\"><\/div><\/div><\/div><\/div><\/div><div class=\"fusion-fullwidth fullwidth-box fusion-builder-row-4 nonhundred-percent-fullwidth non-hundred-percent-height-scrolling fusion-equal-height-columns\" style=\"--awb-border-radius-top-left:0px;--awb-border-radius-top-right:0px;--awb-border-radius-bottom-right:0px;--awb-border-radius-bottom-left:0px;--awb-padding-top:5%;--awb-padding-bottom:40px;\" ><div class=\"fusion-builder-row fusion-row\"><div class=\"fusion-layout-column fusion_builder_column fusion-builder-column-4 fusion_builder_column_1_2 1_2 fusion-one-half fusion-column-first\" style=\"--awb-bg-size:cover;width:50%;width:calc(50% - ( ( 0px ) * 0.5 ) );margin-right: 0px;\"><div class=\"fusion-column-wrapper fusion-flex-column-wrapper-legacy\"><div class=\"fusion-image-element in-legacy-container\" style=\"--awb-caption-title-size:var(--h2_typography-font-size);--awb-caption-title-transform:var(--h2_typography-text-transform);--awb-caption-title-line-height:var(--h2_typography-line-height);--awb-caption-title-letter-spacing:var(--h2_typography-letter-spacing);\"><span class=\" fusion-imageframe imageframe-none imageframe-2 hover-type-none\"><img decoding=\"async\" width=\"1100\" height=\"1000\" title=\"Speisekarte\" src=\"https:\/\/www.grandcafe-kuk.de\/wp-content\/uploads\/2018\/12\/Speisekarte.jpg\" alt class=\"img-responsive wp-image-208\" srcset=\"https:\/\/www.grandcafe-kuk.de\/wp-content\/uploads\/2018\/12\/Speisekarte-200x182.jpg 200w, https:\/\/www.grandcafe-kuk.de\/wp-content\/uploads\/2018\/12\/Speisekarte-400x364.jpg 400w, https:\/\/www.grandcafe-kuk.de\/wp-content\/uploads\/2018\/12\/Speisekarte-600x545.jpg 600w, https:\/\/www.grandcafe-kuk.de\/wp-content\/uploads\/2018\/12\/Speisekarte-800x727.jpg 800w, https:\/\/www.grandcafe-kuk.de\/wp-content\/uploads\/2018\/12\/Speisekarte.jpg 1100w\" sizes=\"(max-width: 800px) 100vw, 600px\" \/><\/span><\/div><div class=\"fusion-clearfix\"><\/div><\/div><\/div><div class=\"fusion-layout-column fusion_builder_column fusion-builder-column-5 fusion_builder_column_1_2 1_2 fusion-one-half fusion-column-last\" style=\"--awb-padding-top:7%;--awb-padding-right:7%;--awb-padding-bottom:7%;--awb-padding-left:7%;--awb-bg-color:#bf9656;--awb-bg-size:cover;width:50%;width:calc(50% - ( ( 0px ) * 0.5 ) );\"><div class=\"fusion-column-wrapper fusion-flex-column-wrapper-legacy\"><div class=\"fusion-column-content-centered\"><div class=\"fusion-column-content\"><div class=\"fusion-text fusion-text-3\"><h2 class=\"western\" style=\"text-align: center;\"><span style=\"color: #fff;\"><span style=\"font-family: Lora;\"><span style=\"font-size: large;\">Exklusive Kaffeespezialit\u00e4ten und gro\u00dfe\u00a0<\/span><\/span><\/span><span style=\"color: #fff;\"><span style=\"font-family: Lora;\"><span style=\"font-size: large;\">Teeauswahl<br \/>\n<\/span><\/span><\/span><span style=\"color: #fff;\"><span style=\"font-family: Lora;\"><span style=\"font-size: large;\">Hochwertige Weine und Biere frisch vom Fass<br \/>\n<\/span><\/span><\/span><span style=\"color: #fff;\"><span style=\"font-family: Lora;\"><span style=\"font-size: large;\">Alkoholfreie und alkoholische Erfrischungen<\/span><\/span><\/span><\/h2>\n<h2 class=\"western\" style=\"text-align: center;\"><span style=\"color: #fff;\"><span style=\"font-family: Lora;\"><span style=\"font-size: large;\">Riesige Kuchen- und Tortenauswahl<br \/>\n<\/span><\/span><\/span><span style=\"color: #fff;\"><span style=\"font-family: Lora;\"><span style=\"font-size: large;\">Leckere Fr\u00fchst\u00fccke und t\u00e4glich wechselnder, saisonaler Mittagstisch<\/span><\/span><\/span><\/h2>\n<\/div><div class=\"fusion-sep-clear\"><\/div><div class=\"fusion-separator fusion-full-width-sep\" style=\"margin-left: auto;margin-right: auto;margin-top:3%;width:100%;\"><\/div><div class=\"fusion-sep-clear\"><\/div><div class=\"fusion-aligncenter\"><a class=\"fusion-button button-flat fusion-button-default-size button-custom fusion-button-default button-1 fusion-button-default-span fusion-button-default-type\" style=\"--button_accent_color:#ffffff;--button_accent_hover_color:#ffffff;--button_border_hover_color:#ffffff;--button_gradient_top_color:#617c96;--button_gradient_bottom_color:#617c96;--button_gradient_top_color_hover:rgba(97,124,150,0.85);--button_gradient_bottom_color_hover:rgba(97,124,150,0.85);\" target=\"_blank\" rel=\"noopener noreferrer\" title=\"pdf Speisekarte Grand Caf\u00e9 K&amp;K\" href=\"https:\/\/www.grandcafe-kuk.de\/wp-content\/uploads\/2025\/09\/2025-02_Speisekarte_GrandCafe_Druckdaten.pdf\"><span class=\"fusion-button-text\">Getr\u00e4nkekarte Grand Caf\u00e9 K&amp;K<\/span><i class=\"fa-coffee fas button-icon-right\" aria-hidden=\"true\"><\/i><\/a><\/div><div class=\"fusion-sep-clear\"><\/div><div class=\"fusion-separator fusion-full-width-sep\" style=\"margin-left: auto;margin-right: auto;margin-top:3%;width:100%;\"><\/div><div class=\"fusion-sep-clear\"><\/div><div class=\"fusion-aligncenter\"><a class=\"fusion-button button-flat fusion-button-default-size button-custom fusion-button-default button-2 fusion-button-default-span fusion-button-default-type\" style=\"--button_accent_color:#ffffff;--button_accent_hover_color:#ffffff;--button_border_hover_color:#ffffff;--button_gradient_top_color:#617c96;--button_gradient_bottom_color:#617c96;--button_gradient_top_color_hover:rgba(97,124,150,0.85);--button_gradient_bottom_color_hover:rgba(97,124,150,0.85);\" target=\"_blank\" rel=\"noopener noreferrer\" title=\"pdf Speisekarte Grand Caf\u00e9 K&amp;K\" href=\"https:\/\/www.grandcafe-kuk.de\/wp-content\/uploads\/2026\/03\/Wochenkarte-Januar-2026.pdf\"><span class=\"fusion-button-text\">Aktuelle Speisekarte<\/span><i class=\"fa-utensils fas button-icon-right\" aria-hidden=\"true\"><\/i><\/a><\/div><\/div><\/div><div class=\"fusion-clearfix\"><\/div><\/div><\/div><\/div><\/div><div class=\"fusion-fullwidth fullwidth-box fusion-builder-row-5 nonhundred-percent-fullwidth non-hundred-percent-height-scrolling\" style=\"--awb-border-radius-top-left:0px;--awb-border-radius-top-right:0px;--awb-border-radius-bottom-right:0px;--awb-border-radius-bottom-left:0px;--awb-padding-top:5%;--awb-padding-bottom:40px;\" ><div class=\"fusion-builder-row fusion-row\"><div class=\"fusion-layout-column fusion_builder_column fusion-builder-column-6 fusion_builder_column_1_1 1_1 fusion-one-full fusion-column-first fusion-column-last\" style=\"--awb-bg-size:cover;\"><div class=\"fusion-column-wrapper fusion-flex-column-wrapper-legacy\"><div class=\"fusion-title title fusion-title-2 fusion-title-center fusion-title-text fusion-title-size-one\" style=\"--awb-sep-color:#bf9656;\"><div class=\"title-sep-container title-sep-container-left\"><div class=\"title-sep sep-single sep-solid\" style=\"border-color:#bf9656;\"><\/div><\/div><span class=\"awb-title-spacer\"><\/span><h1 class=\"title-heading-center\" style=\"margin:0;\">Soziales Engagement<\/h1><span class=\"awb-title-spacer\"><\/span><div class=\"title-sep-container title-sep-container-right\"><div class=\"title-sep sep-single sep-solid\" style=\"border-color:#bf9656;\"><\/div><\/div><\/div><div class=\"fusion-clearfix\"><\/div><\/div><\/div><\/div><\/div><div class=\"fusion-fullwidth fullwidth-box fusion-builder-row-6 nonhundred-percent-fullwidth non-hundred-percent-height-scrolling fusion-equal-height-columns\" style=\"--awb-border-radius-top-left:0px;--awb-border-radius-top-right:0px;--awb-border-radius-bottom-right:0px;--awb-border-radius-bottom-left:0px;--awb-padding-top:5%;--awb-padding-bottom:40px;\" ><div class=\"fusion-builder-row fusion-row\"><div class=\"fusion-layout-column fusion_builder_column fusion-builder-column-7 fusion_builder_column_1_2 1_2 fusion-one-half fusion-column-first\" style=\"--awb-bg-size:cover;width:50%;width:calc(50% - ( ( 0px ) * 0.5 ) );margin-right: 0px;\"><div class=\"fusion-column-wrapper fusion-flex-column-wrapper-legacy\"><div class=\"fusion-image-element in-legacy-container\" style=\"--awb-caption-title-size:var(--h2_typography-font-size);--awb-caption-title-transform:var(--h2_typography-text-transform);--awb-caption-title-line-height:var(--h2_typography-line-height);--awb-caption-title-letter-spacing:var(--h2_typography-letter-spacing);\"><span class=\" fusion-imageframe imageframe-none imageframe-3 hover-type-none\"><img decoding=\"async\" width=\"550\" height=\"500\" title=\"ufda.web.logo Skaliert\" src=\"https:\/\/www.grandcafe-kuk.de\/wp-content\/uploads\/2019\/03\/ufda.web_.logo-Skaliert.jpg\" alt class=\"img-responsive wp-image-294\" srcset=\"https:\/\/www.grandcafe-kuk.de\/wp-content\/uploads\/2019\/03\/ufda.web_.logo-Skaliert-200x182.jpg 200w, https:\/\/www.grandcafe-kuk.de\/wp-content\/uploads\/2019\/03\/ufda.web_.logo-Skaliert-400x364.jpg 400w, https:\/\/www.grandcafe-kuk.de\/wp-content\/uploads\/2019\/03\/ufda.web_.logo-Skaliert.jpg 550w\" sizes=\"(max-width: 800px) 100vw, 550px\" \/><\/span><\/div><div class=\"fusion-clearfix\"><\/div><\/div><\/div><div class=\"fusion-layout-column fusion_builder_column fusion-builder-column-8 fusion_builder_column_1_2 1_2 fusion-one-half fusion-column-last\" style=\"--awb-padding-top:7%;--awb-padding-right:7%;--awb-padding-bottom:7%;--awb-padding-left:7%;--awb-bg-color:#bf9656;--awb-bg-size:cover;width:50%;width:calc(50% - ( ( 0px ) * 0.5 ) );\"><div class=\"fusion-column-wrapper fusion-flex-column-wrapper-legacy\"><div class=\"fusion-column-content-centered\"><div class=\"fusion-column-content\"><div class=\"fusion-text fusion-text-4\"><div class=\"article-body\" style=\"text-align: left;\">\n<div class=\"column-one\">\n<div class=\"text-wrapper\">\n<h2>Als Verein <strong>\u201eUnternehmer f\u00fcr Darmstadt e.V.\u201c<\/strong> haben wir uns zum Ziel gesetzt, mit sozialen Projekten der Gesellschaft in der Region etwas zur\u00fcckzugeben. Das wohlt\u00e4tige Engagement umfasst unterschiedliche Aktionen f\u00fcr Kinder, Jugendliche und hilfsbed\u00fcrftige Menschen.<\/h2>\n<h2>Weitere Informationen finden Sie auf <a href=\"http:\/\/www.ufda.de\">www.ufda.de<\/a><\/h2>\n<\/div>\n<\/div>\n<\/div>\n<h2 class=\"western\" style=\"text-align: left;\"><span style=\"color: #fff;\"><span style=\"font-family: Lora;\"><span style=\"font-size: large;\">\u00a0<\/span><\/span><\/span><\/h2>\n<\/div><\/div><\/div><div class=\"fusion-clearfix\"><\/div><\/div><\/div><\/div><\/div><div class=\"fusion-fullwidth fullwidth-box fusion-builder-row-7 nonhundred-percent-fullwidth non-hundred-percent-height-scrolling\" style=\"--awb-border-radius-top-left:0px;--awb-border-radius-top-right:0px;--awb-border-radius-bottom-right:0px;--awb-border-radius-bottom-left:0px;--awb-margin-top:5%;--awb-margin-bottom:40px;\" ><div class=\"fusion-builder-row fusion-row\"><div class=\"fusion-layout-column fusion_builder_column fusion-builder-column-9 fusion_builder_column_1_2 1_2 fusion-one-half fusion-column-first\" style=\"--awb-bg-size:cover;width:50%;width:calc(50% - ( ( 4% ) * 0.5 ) );margin-right: 4%;\"><div class=\"fusion-column-wrapper fusion-flex-column-wrapper-legacy\"><div class=\"fusion-clearfix\"><\/div><\/div><\/div><div class=\"fusion-layout-column fusion_builder_column fusion-builder-column-10 fusion_builder_column_1_2 1_2 fusion-one-half fusion-column-last\" style=\"--awb-bg-size:cover;width:50%;width:calc(50% - ( ( 4% ) * 0.5 ) );\"><div class=\"fusion-column-wrapper fusion-flex-column-wrapper-legacy\"><div class=\"fusion-clearfix\"><\/div><\/div><\/div><\/div><\/div><div id=\"Kontakt\" class=\"fusion-container-anchor\"><div class=\"fusion-fullwidth fullwidth-box fusion-builder-row-8 fusion-parallax-fixed nonhundred-percent-fullwidth non-hundred-percent-height-scrolling\" style=\"--awb-border-sizes-top:0px;--awb-border-sizes-bottom:0px;--awb-border-sizes-left:0px;--awb-border-sizes-right:0px;--awb-border-radius-top-left:0px;--awb-border-radius-top-right:0px;--awb-border-radius-bottom-right:0px;--awb-border-radius-bottom-left:0px;--awb-padding-top:10%;--awb-padding-bottom:20%;--awb-background-color:#f4f6f8;--awb-background-image:url(&quot;https:\/\/www.grandcafe-kuk.de\/wp-content\/uploads\/2018\/07\/Grandcafe_KuK_Kontakt.jpg&quot;);--awb-background-size:cover;background-attachment:fixed;\" ><div class=\"fusion-builder-row fusion-row\"><div class=\"fusion-layout-column fusion_builder_column fusion-builder-column-11 fusion_builder_column_1_1 1_1 fusion-one-full fusion-column-first fusion-column-last\" style=\"--awb-bg-size:cover;\"><div class=\"fusion-column-wrapper fusion-flex-column-wrapper-legacy\"><div class=\"fusion-clearfix\"><\/div><\/div><\/div><\/div><\/div><\/div><div class=\"fusion-fullwidth fullwidth-box fusion-builder-row-9 nonhundred-percent-fullwidth non-hundred-percent-height-scrolling\" style=\"--awb-border-radius-top-left:0px;--awb-border-radius-top-right:0px;--awb-border-radius-bottom-right:0px;--awb-border-radius-bottom-left:0px;--awb-padding-top:5%;--awb-padding-bottom:40px;\" ><div class=\"fusion-builder-row fusion-row\"><div class=\"fusion-layout-column fusion_builder_column fusion-builder-column-12 fusion_builder_column_1_1 1_1 fusion-one-full fusion-column-first fusion-column-last\" style=\"--awb-bg-size:cover;\"><div class=\"fusion-column-wrapper fusion-flex-column-wrapper-legacy\"><div class=\"fusion-title title fusion-title-3 fusion-title-center fusion-title-text fusion-title-size-one\" style=\"--awb-sep-color:#bf9656;\"><div class=\"title-sep-container title-sep-container-left\"><div class=\"title-sep sep-single sep-solid\" style=\"border-color:#bf9656;\"><\/div><\/div><span class=\"awb-title-spacer\"><\/span><h1 class=\"title-heading-center\" style=\"margin:0;\">Kontakt<\/h1><span class=\"awb-title-spacer\"><\/span><div class=\"title-sep-container title-sep-container-right\"><div class=\"title-sep sep-single sep-solid\" style=\"border-color:#bf9656;\"><\/div><\/div><\/div><div class=\"fusion-clearfix\"><\/div><\/div><\/div><\/div><\/div><div class=\"fusion-fullwidth fullwidth-box fusion-builder-row-10 nonhundred-percent-fullwidth non-hundred-percent-height-scrolling fusion-equal-height-columns\" style=\"--awb-border-radius-top-left:0px;--awb-border-radius-top-right:0px;--awb-border-radius-bottom-right:0px;--awb-border-radius-bottom-left:0px;--awb-padding-top:5%;--awb-padding-bottom:40px;--awb-margin-bottom:7%;\" ><div class=\"fusion-builder-row fusion-row\"><div class=\"fusion-layout-column fusion_builder_column fusion-builder-column-13 fusion_builder_column_1_2 1_2 fusion-one-half fusion-column-first\" style=\"--awb-padding-right:3%;--awb-bg-size:cover;width:50%;width:calc(50% - ( ( 4% ) * 0.5 ) );margin-right: 4%;\"><div class=\"fusion-column-wrapper fusion-flex-column-wrapper-legacy\"><div class=\"fusion-column-content-centered\"><div class=\"fusion-column-content\"><div class=\"fusion-image-element fusion-image-align-center in-legacy-container\" style=\"text-align:center;--awb-caption-title-size:var(--h2_typography-font-size);--awb-caption-title-transform:var(--h2_typography-text-transform);--awb-caption-title-line-height:var(--h2_typography-line-height);--awb-caption-title-letter-spacing:var(--h2_typography-letter-spacing);\"><div class=\"imageframe-align-center\"><span class=\" fusion-imageframe imageframe-none imageframe-4 hover-type-zoomin\"><img decoding=\"async\" width=\"546\" height=\"600\" title=\"Kontakt\" src=\"https:\/\/www.grandcafe-kuk.de\/wp-content\/uploads\/2018\/12\/Kontakt.jpg\" alt class=\"img-responsive wp-image-224\" srcset=\"https:\/\/www.grandcafe-kuk.de\/wp-content\/uploads\/2018\/12\/Kontakt-200x220.jpg 200w, https:\/\/www.grandcafe-kuk.de\/wp-content\/uploads\/2018\/12\/Kontakt-400x440.jpg 400w, https:\/\/www.grandcafe-kuk.de\/wp-content\/uploads\/2018\/12\/Kontakt.jpg 546w\" sizes=\"(max-width: 800px) 100vw, 546px\" \/><\/span><\/div><\/div><\/div><\/div><div class=\"fusion-clearfix\"><\/div><\/div><\/div><div class=\"fusion-layout-column fusion_builder_column fusion-builder-column-14 fusion_builder_column_1_2 1_2 fusion-one-half fusion-column-last\" style=\"--awb-bg-size:cover;width:50%;width:calc(50% - ( ( 4% ) * 0.5 ) );\"><div class=\"fusion-column-wrapper fusion-flex-column-wrapper-legacy\"><div class=\"fusion-column-content-centered\"><div class=\"fusion-column-content\"><div class=\"fusion-text fusion-text-5\"><h2>Grand Caf\u00e9 K&amp;K<\/h2>\n<p>Im Carree 1<br \/>\n64283 Darmstadt<\/p>\n<p><a href=\"https:\/\/www.google.de\/maps\/place\/K.u.K\/@49.8722907,8.6501292,17z\/data=!3m1!4b1!4m5!3m4!1s0x47bd706364331005:0xe70d6d8e3776679c!8m2!3d49.8722907!4d8.6523179\" target=\"_blank\" rel=\"noopener noreferrer\">Auf Google Maps ansehen<\/a><\/p>\n<h2><\/h2>\n<h2>F\u00fcr Buchungen und Reservierungen:<\/h2>\n<p>Telefon: <a href=\"tel:+496151294902\">+49 6151 294902<\/a><\/p>\n<h2><\/h2>\n<h2 style=\"text-align: left;\">Unsere \u00d6ffnungszeiten:<\/h2>\n<p>Montag bis Samstag 9:00 &#8211; 21.00 Uhr<br \/>\nSonntag und Feiertags 10.00 &#8211; 18.00 Uhr<\/p>\n<p>K\u00fcchenschluss 30min vor Schlie\u00dfung<\/p>\n<\/div><\/div><\/div><div class=\"fusion-clearfix\"><\/div><\/div><\/div><\/div><\/div><\/p>\n","protected":false},"excerpt":{"rendered":"","protected":false},"author":2,"featured_media":0,"parent":0,"menu_order":0,"comment_status":"closed","ping_status":"closed","template":"100-width.php","meta":[],"_links":{"self":[{"href":"https:\/\/www.grandcafe-kuk.de\/index.php\/wp-json\/wp\/v2\/pages\/17"}],"collection":[{"href":"https:\/\/www.grandcafe-kuk.de\/index.php\/wp-json\/wp\/v2\/pages"}],"about":[{"href":"https:\/\/www.grandcafe-kuk.de\/index.php\/wp-json\/wp\/v2\/types\/page"}],"author":[{"embeddable":true,"href":"https:\/\/www.grandcafe-kuk.de\/index.php\/wp-json\/wp\/v2\/users\/2"}],"replies":[{"embeddable":true,"href":"https:\/\/www.grandcafe-kuk.de\/index.php\/wp-json\/wp\/v2\/comments?post=17"}],"version-history":[{"count":290,"href":"https:\/\/www.grandcafe-kuk.de\/index.php\/wp-json\/wp\/v2\/pages\/17\/revisions"}],"predecessor-version":[{"id":549,"href":"https:\/\/www.grandcafe-kuk.de\/index.php\/wp-json\/wp\/v2\/pages\/17\/revisions\/549"}],"wp:attachment":[{"href":"https:\/\/www.grandcafe-kuk.de\/index.php\/wp-json\/wp\/v2\/media?parent=17"}],"curies":[{"name":"wp","href":"https:\/\/api.w.org\/{rel}","templated":true}]}}